{"id":529,"date":"2015-04-20T11:50:56","date_gmt":"2015-04-20T11:50:56","guid":{"rendered":"http:\/\/welfare.cmsmasters.net\/?page_id=529"},"modified":"2019-11-13T13:45:58","modified_gmt":"2019-11-13T12:45:58","slug":"o-kulturnom-dome","status":"publish","type":"page","link":"https:\/\/budulov.kulturamoldava.sk\/hu\/o-kulturnom-dome\/","title":{"rendered":"A kult\u00farh\u00e1zr\u00f3l"},"content":{"rendered":"<div id=\"cmsmasters_row_fw6fizok9j\" class=\"cmsmasters_row cmsmasters_color_scheme_default cmsmasters_row_top_default cmsmasters_row_bot_default cmsmasters_row_boxed\">\n<div class=\"cmsmasters_row_outer_parent\">\n<div class=\"cmsmasters_row_outer\">\n<div class=\"cmsmasters_row_inner\">\n<div class=\"cmsmasters_row_margin\">\n<div id=\"cmsmasters_column_fpcm87mk0c\" class=\"cmsmasters_column one_half\">\n<div class=\"cmsmasters_column_inner\"><div id=\"cmsmasters_heading_rlydc7odqt\" class=\"cmsmasters_heading_wrap cmsmasters_heading_align_left\">\n\t<h4 class=\"cmsmasters_heading\">A kult\u00farh\u00e1z t\u00f6rt\u00e9net\u00e9b\u0151l<\/h4>\n<\/div><div class=\"cmsmasters_text\">\n<p>A bodoll\u00f3 kult\u00farh\u00e1zat m\u00e9g az 1970-es \u00e9vek els\u0151 fel\u00e9ben kezdt\u00e9k \u00e9p\u00edteni a falubeliek a Z akci\u00f3 keret\u00e9n bel\u00fcl, az akkor m\u00e9g \u00f6n\u00e1ll\u00f3 k\u00f6zs\u00e9gben. Az \u00e9p\u00fcltet 1975-ben adt\u00e1k \u00e1t, s innent\u0151l kisebb megszak\u00edt\u00e1sokkal a mai napig haszn\u00e1latban van. Feladatait tekintve, kezdetben az \u00f6n\u00e1ll\u00f3 Bodoll\u00f3 polg\u00e1rmesteri hivatala \u00e9s a helyi k\u00f6nyvt\u00e1r m\u0171k\u00f6d\u00f6tt itt, de rendeztek benne esk\u00fcv\u0151ket, b\u00e1lokat, nyugd\u00edjas napokat is.<\/p>\n<p>Miut\u00e1n Bodoll\u00f3t 1986-ban Szepsi v\u00e1roshoz csatolt\u00e1k, a k\u00f6zs\u00e9gi hivatal megsz\u0171nt, s az \u00e9p\u00fclet a v\u00e1ros tulajdon\u00e1ba ker\u00fclt, de kihaszn\u00e1lts\u00e1ga megmaradt. \nA 90-es \u00e9vekben diszk\u00f3kat is tartottak itt, majd a helyi ifj\u00fas\u00e1g rendezett sz\u00ednj\u00e1tsz\u00f3 alkalmakat.<\/p>\n<p>A 2000-es \u00e9vek ut\u00e1n az \u00e9p\u00fclet kihaszn\u00e1lts\u00e1ga fokozatosan cs\u00f6kkent, 2011-ben pedig a k\u00f6nyvt\u00e1rat is bez\u00e1rt\u00e1k. Mindezzel p\u00e1rhuzamosan egyre gyorsabban romlott \u00e1llapota is, s \u00edgy m\u00e1r elker\u00fclhetetlenn\u00e9 v\u00e1lt a fel\u00faj\u00edt\u00e1sa.<\/p>\n<\/div>\n<div id=\"cmsmasters_divider_17ldml6mi7\" class=\"cl\"><\/div>\n<\/div><\/div>\n<div id=\"cmsmasters_column_eyd0f1k9d\" class=\"cmsmasters_column one_half\">\n<div class=\"cmsmasters_column_inner\"><div class=\"aligncenter\"><div class=\"cmsmasters_img  cmsmasters_image_c\"><img decoding=\"async\" src=\"https:\/\/budulov.kulturamoldava.sk\/wp-content\/uploads\/2019\/11\/kdbudulov.png\" \/><\/div><\/div>\n<\/div><\/div>\n<\/div>\n<\/div>\n<\/div>\n<\/div>\n<\/div>\n<div id=\"cmsmasters_row_4txyvt3mg9\" class=\"cmsmasters_row cmsmasters_color_scheme_default cmsmasters_row_top_default cmsmasters_row_bot_default cmsmasters_row_boxed\">\n<div class=\"cmsmasters_row_outer_parent\">\n<div class=\"cmsmasters_row_outer\">\n<div class=\"cmsmasters_row_inner\">\n<div class=\"cmsmasters_row_margin\">\n<div id=\"cmsmasters_column_fs2guur9lc\" class=\"cmsmasters_column one_first\">\n<div class=\"cmsmasters_column_inner\">\n<div id=\"cmsmasters_divider_aerb433mze\" class=\"cl\"><\/div>\n<\/div><\/div>\n<\/div>\n<\/div>\n<\/div>\n<\/div>\n<\/div>\n<div id=\"cmsmasters_row_9ytick001i\" class=\"cmsmasters_row cmsmasters_color_scheme_default cmsmasters_row_top_default cmsmasters_row_bot_default cmsmasters_row_boxed\">\n<div class=\"cmsmasters_row_outer_parent\">\n<div class=\"cmsmasters_row_outer\">\n<div class=\"cmsmasters_row_inner\">\n<div class=\"cmsmasters_row_margin\">\n<div id=\"cmsmasters_column_p5dus8gj5\" class=\"cmsmasters_column one_half\">\n<div class=\"cmsmasters_column_inner\"><div class=\"aligncenter\"><div class=\"cmsmasters_img  cmsmasters_image_c\"><img decoding=\"async\" src=\"https:\/\/budulov.kulturamoldava.sk\/wp-content\/uploads\/2019\/11\/MG_9538-e1573488940310.jpg\" \/><\/div><\/div>\n<\/div><\/div>\n<div id=\"cmsmasters_column_p8m53l2m4\" class=\"cmsmasters_column one_half\">\n<div class=\"cmsmasters_column_inner\"><div class=\"cmsmasters_text\">\n<p>A kult\u00farh\u00e1z els\u0151 nagyszab\u00e1s\u00fa  rekonstrukci\u00f3j\u00e1ra 2018-ban ker\u00fclt sor, melyet a 2019-ben folytattak, \u00edgy a v\u00e1rosnak \u00e9s a v\u00e1rosr\u00e9sznek egyar\u00e1nt egy korszer\u0171, hangulatos \u00e9kess\u00e9g\u00e9v\u00e9 v\u00e1lt.\nAz \u00e9p\u00fclet jelenlegi fenntart\u00f3ja a Szepsi V\u00e1rosi M\u0171vel\u0151d\u00e9si K\u00f6zpont, melynek kirendelts\u00e9ge is tal\u00e1lhat\u00f3 benne az \u00fajonnan megny\u00edl\u00f3 k\u00f6nyvt\u00e1rral egyetemben.<\/p>\n<\/div>\n<div id=\"cmsmasters_divider_kw2y77ve0g\" class=\"cl\"><\/div>\n<\/div><\/div>\n<\/div>\n<\/div>\n<\/div>\n<\/div>\n<\/div>\n<div id=\"cmsmasters_row_zxp85bmuse\" class=\"cmsmasters_row cmsmasters_color_scheme_default cmsmasters_row_top_default cmsmasters_row_bot_default cmsmasters_row_boxed\">\n<div class=\"cmsmasters_row_outer_parent\">\n<div class=\"cmsmasters_row_outer\">\n<div class=\"cmsmasters_row_inner\">\n<div class=\"cmsmasters_row_margin\">\n<div id=\"cmsmasters_column_x5htrsllm\" class=\"cmsmasters_column one_first\">\n<div class=\"cmsmasters_column_inner\">\n<div id=\"cmsmasters_divider_qjdx9ktvgq\" class=\"cmsmasters_divider cmsmasters_divider_width_long cmsmasters_divider_pos_center\"><\/div>\n<\/div><\/div>\n<\/div>\n<\/div>\n<\/div>\n<\/div>\n<\/div>\n<div id=\"cmsmasters_row_blkorapjbm\" class=\"cmsmasters_row cmsmasters_color_scheme_default cmsmasters_row_top_default cmsmasters_row_bot_default cmsmasters_row_boxed\">\n<div class=\"cmsmasters_row_outer_parent\">\n<div class=\"cmsmasters_row_outer\">\n<div class=\"cmsmasters_row_inner\">\n<div class=\"cmsmasters_row_margin\">\n<div id=\"cmsmasters_column_9k66faeikc\" class=\"cmsmasters_column one_first\">\n<div class=\"cmsmasters_column_inner\"><div id=\"cmsmasters_heading_z42q5h38r\" class=\"cmsmasters_heading_wrap cmsmasters_heading_align_center\">\n\t<h2 class=\"cmsmasters_heading\">H\u00edreink<\/h2>\n<\/div><div id=\"cmsmasters_heading_010s1grvs1\" class=\"cmsmasters_heading_wrap cmsmasters_heading_align_center\">\n\t<h5 class=\"cmsmasters_heading\">Mi t\u00f6rt\u00e9nt eddig?<\/h5>\n<\/div>\n<div class=\"cmsmasters_posts_slider post\" >\r\n\t\t<div id=\"cmsmasters_slider_p0fei9s68l\" class=\"cmsmasters_owl_slider owl-carousel\" data-items=\"3\" data-single-item=\"false\" data-auto-play=\"5000\" data-navigation=\"false\"><div class=\"cmsmasters_owl_slider_item\"><!-- Start Posts Slider Post Article  -->\r\n<article id=\"post-285\" class=\"cmsmasters_slider_post post-285 post type-post status-publish format-image has-post-thumbnail hentry category-nezaradene post_format-post-format-image\">\r\n\t<div class=\"cmsmasters_slider_post_outer\">\r\n\t<div class=\"cmsmasters_slider_post_date_img_wrap\"><figure class=\"cmsmasters_img_rollover_wrap preloader\"><img loading=\"lazy\" decoding=\"async\" width=\"580\" height=\"355\" src=\"https:\/\/budulov.kulturamoldava.sk\/wp-content\/uploads\/2017\/11\/71230358_2646433185675821_3149905310961893376_o-580x355.jpg\" class=\"full-width wp-post-image\" alt=\"Ochutn\u00e1vka v\u00edn v Budulove\" title=\"71230358_2646433185675821_3149905310961893376_o\" \/><div class=\"cmsmasters_img_rollover\"><a href=\"https:\/\/budulov.kulturamoldava.sk\/hu\/ochutnavka-vin-v-budulove\/\" title=\"Bork\u00f3stol\u00f3 est Bodoll\u00f3n\" class=\"cmsmasters_open_link\"><\/a><\/div><\/figure><span class=\"cmsmasters_slider_post_date\"><abbr class=\"published\" title=\"11. november 2019\">11. november 2019<\/abbr><abbr class=\"dn date updated\" title=\"16. november 2020\">16. november 2020<\/abbr><\/span><\/div><div class=\"cmsmasters_slider_post_inner\"><div class=\"cmsmasters_slider_post_cont_info entry-meta\"><span class=\"cmsmasters_slider_post_author\">by <a href=\"https:\/\/budulov.kulturamoldava.sk\/hu\/author\/kdbudulov\/\" title=\"Posts by kdbudulov\" class=\"vcard author\" rel=\"author\"><span class=\"fn\">kdbudulov<\/span><\/a><\/span><span class=\"cmsmasters_slider_post_category\">in <a href=\"https:\/\/budulov.kulturamoldava.sk\/hu\/category\/nezaradene\/\" class=\"cmsmasters_cat_color cmsmasters_cat_1\" rel=\"category tag\">Nezaraden\u00e9<\/a><\/span><\/div><header class=\"cmsmasters_slider_post_header entry-header\"><h4 class=\"cmsmasters_slider_post_title entry-title\"><a href=\"https:\/\/budulov.kulturamoldava.sk\/hu\/ochutnavka-vin-v-budulove\/\">Bork\u00f3stol\u00f3 est Bodoll\u00f3n<\/a><\/h4><\/header><div class=\"cmsmasters_slider_post_content entry-content\">\n<p>Finom helyi borok \u00e9s pazar cig\u00e1nyzene jellemezte a m\u00e1sodik alkalommal megrendezett Vinalia bork\u00f3stol\u00f3 estet, amelyet a c\u00edmer felavat\u00e1sa ut\u00e1n tartottak a helyi kult\u00farh\u00e1zban.<\/p>\n<\/div>\n<footer class=\"cmsmasters_slider_post_footer entry-meta\"><a class=\"cmsmasters_slider_post_read_more\" href=\"https:\/\/budulov.kulturamoldava.sk\/hu\/ochutnavka-vin-v-budulove\/\">Tov\u00e1bb olvasok<\/a><span class=\"cmsmasters_likes cmsmasters_slider_post_likes\"><a href=\"#\" onclick=\"cmsmastersLike(285, false); return false;\" id=\"cmsmastersLike-285\" class=\"cmsmastersLike cmsmasters_theme_icon_like\"><span>13 <\/span><\/a><\/span><\/footer><\/div>\t<\/div>\r\n<\/article>\r\n<!-- Finish Posts Slider Post Article  -->\r\n\r\n<\/div><div class=\"cmsmasters_owl_slider_item\"><!-- Start Posts Slider Post Article  -->\r\n<article id=\"post-85\" class=\"cmsmasters_slider_post post-85 post type-post status-publish format-image has-post-thumbnail hentry category-nezaradene post_format-post-format-image\">\r\n\t<div class=\"cmsmasters_slider_post_outer\">\r\n\t<div class=\"cmsmasters_slider_post_date_img_wrap\"><figure class=\"cmsmasters_img_rollover_wrap preloader\"><img loading=\"lazy\" decoding=\"async\" width=\"580\" height=\"355\" src=\"https:\/\/budulov.kulturamoldava.sk\/wp-content\/uploads\/2019\/11\/ochutn\u00e1vka-v\u00edn-2019-11-580x355.jpg\" class=\"full-width wp-post-image\" alt=\"Ukon\u010dila sa druh\u00e1 ve\u013ek\u00e1 rekon\u0161trukcia kult\u00farn\u00e9ho domu\" title=\"ochutn\u00e1vka v\u00edn 2019 (11)\" \/><div class=\"cmsmasters_img_rollover\"><a href=\"https:\/\/budulov.kulturamoldava.sk\/hu\/ukoncila-sa-druha-rekonstrukcia-na-kulturnom-dome\/\" title=\"Befejez\u0151d\u00f6tt a kult\u00farh\u00e1z m\u00e1sodik nagyszab\u00e1s\u00fa fel\u00faj\u00edt\u00e1sa\" class=\"cmsmasters_open_link\"><\/a><\/div><\/figure><span class=\"cmsmasters_slider_post_date\"><abbr class=\"published\" title=\"11. november 2019\">11. november 2019<\/abbr><abbr class=\"dn date updated\" title=\"16. november 2020\">16. november 2020<\/abbr><\/span><\/div><div class=\"cmsmasters_slider_post_inner\"><div class=\"cmsmasters_slider_post_cont_info entry-meta\"><span class=\"cmsmasters_slider_post_author\">by <a href=\"https:\/\/budulov.kulturamoldava.sk\/hu\/author\/kdbudulov\/\" title=\"Posts by kdbudulov\" class=\"vcard author\" rel=\"author\"><span class=\"fn\">kdbudulov<\/span><\/a><\/span><span class=\"cmsmasters_slider_post_category\">in <a href=\"https:\/\/budulov.kulturamoldava.sk\/hu\/category\/nezaradene\/\" class=\"cmsmasters_cat_color cmsmasters_cat_1\" rel=\"category tag\">Nezaraden\u00e9<\/a><\/span><\/div><header class=\"cmsmasters_slider_post_header entry-header\"><h4 class=\"cmsmasters_slider_post_title entry-title\"><a href=\"https:\/\/budulov.kulturamoldava.sk\/hu\/ukoncila-sa-druha-rekonstrukcia-na-kulturnom-dome\/\">Befejez\u0151d\u00f6tt a kult\u00farh\u00e1z m\u00e1sodik nagyszab\u00e1s\u00fa fel\u00faj\u00edt\u00e1sa<\/a><\/h4><\/header><div class=\"cmsmasters_slider_post_content entry-content\">\n<p>Bodoll\u00f3ban hossz\u00fa \u00e9vtizedes v\u00e1rakoz\u00e1sok ut\u00e1n 2018-ban v\u00e9gre megkezd\u0151d\u00f6tt a kult\u00farh\u00e1z fel\u00faj\u00edt\u00e1sa a v\u00e1ros t\u00e1mogat\u00e1s\u00e1val \u00e9s a k\u00e9pvisel\u0151-test\u00fclet j\u00f3v\u00e1hagy\u00e1s\u00e1val.<\/p>\n<\/div>\n<footer class=\"cmsmasters_slider_post_footer entry-meta\"><a class=\"cmsmasters_slider_post_read_more\" href=\"https:\/\/budulov.kulturamoldava.sk\/hu\/ukoncila-sa-druha-rekonstrukcia-na-kulturnom-dome\/\">Tov\u00e1bb olvasok<\/a><span class=\"cmsmasters_likes cmsmasters_slider_post_likes\"><a href=\"#\" onclick=\"cmsmastersLike(85, false); return false;\" id=\"cmsmastersLike-85\" class=\"cmsmastersLike cmsmasters_theme_icon_like\"><span>13 <\/span><\/a><\/span><\/footer><\/div>\t<\/div>\r\n<\/article>\r\n<!-- Finish Posts Slider Post Article  -->\r\n\r\n<\/div><\/div><\/div>\n<\/div><\/div>\n<\/div>\n<\/div>\n<\/div>\n<\/div>\n<\/div>","protected":false},"excerpt":{"rendered":"","protected":false},"author":1,"featured_media":0,"parent":0,"menu_order":0,"comment_status":"closed","ping_status":"closed","template":"","meta":{"footnotes":""},"class_list":["post-529","page","type-page","status-publish","hentry"],"yoast_head":"<!-- This site is optimized with the Yoast SEO plugin v27.5 - https:\/\/yoast.com\/product\/yoast-seo-wordpress\/ -->\n<title>O kult\u00farnom dome - Kult\u00farny dom Budulov<\/title>\n<meta name=\"robots\" content=\"index, follow, max-snippet:-1, max-image-preview:large, max-video-preview:-1\" \/>\n<link rel=\"canonical\" href=\"https:\/\/budulov.kulturamoldava.sk\/hu\/o-kulturnom-dome\/\" \/>\n<meta property=\"og:locale\" content=\"hu_HU\" \/>\n<meta property=\"og:type\" content=\"article\" \/>\n<meta property=\"og:title\" content=\"O kult\u00farnom dome - Kult\u00farny dom Budulov\" \/>\n<meta property=\"og:url\" content=\"https:\/\/budulov.kulturamoldava.sk\/hu\/o-kulturnom-dome\/\" \/>\n<meta property=\"og:site_name\" content=\"Kult\u00farny dom Budulov\" \/>\n<meta property=\"article:modified_time\" content=\"2019-11-13T12:45:58+00:00\" \/>\n<meta name=\"twitter:card\" content=\"summary_large_image\" \/>\n<meta name=\"twitter:label1\" content=\"Becs\u00fclt olvas\u00e1si id\u0151\" \/>\n\t<meta name=\"twitter:data1\" content=\"5 perc\" \/>\n<script type=\"application\/ld+json\" class=\"yoast-schema-graph\">{\"@context\":\"https:\\\/\\\/schema.org\",\"@graph\":[{\"@type\":\"WebPage\",\"@id\":\"https:\\\/\\\/budulov.kulturamoldava.sk\\\/o-kulturnom-dome\\\/\",\"url\":\"https:\\\/\\\/budulov.kulturamoldava.sk\\\/o-kulturnom-dome\\\/\",\"name\":\"O kult\u00farnom dome - Kult\u00farny dom Budulov\",\"isPartOf\":{\"@id\":\"https:\\\/\\\/budulov.kulturamoldava.sk\\\/#website\"},\"datePublished\":\"2015-04-20T11:50:56+00:00\",\"dateModified\":\"2019-11-13T12:45:58+00:00\",\"breadcrumb\":{\"@id\":\"https:\\\/\\\/budulov.kulturamoldava.sk\\\/o-kulturnom-dome\\\/#breadcrumb\"},\"inLanguage\":\"hu\",\"potentialAction\":[{\"@type\":\"ReadAction\",\"target\":[\"https:\\\/\\\/budulov.kulturamoldava.sk\\\/o-kulturnom-dome\\\/\"]}]},{\"@type\":\"BreadcrumbList\",\"@id\":\"https:\\\/\\\/budulov.kulturamoldava.sk\\\/o-kulturnom-dome\\\/#breadcrumb\",\"itemListElement\":[{\"@type\":\"ListItem\",\"position\":1,\"name\":\"Home\",\"item\":\"https:\\\/\\\/budulov.kulturamoldava.sk\\\/\"},{\"@type\":\"ListItem\",\"position\":2,\"name\":\"O kult\u00farnom dome\"}]},{\"@type\":\"WebSite\",\"@id\":\"https:\\\/\\\/budulov.kulturamoldava.sk\\\/#website\",\"url\":\"https:\\\/\\\/budulov.kulturamoldava.sk\\\/\",\"name\":\"Kult\u00farny dom Budulov\",\"description\":\"\",\"potentialAction\":[{\"@type\":\"SearchAction\",\"target\":{\"@type\":\"EntryPoint\",\"urlTemplate\":\"https:\\\/\\\/budulov.kulturamoldava.sk\\\/?s={search_term_string}\"},\"query-input\":{\"@type\":\"PropertyValueSpecification\",\"valueRequired\":true,\"valueName\":\"search_term_string\"}}],\"inLanguage\":\"hu\"}]}<\/script>\n<!-- \/ Yoast SEO plugin. -->","yoast_head_json":{"title":"O kult\u00farnom dome - Kult\u00farny dom Budulov","robots":{"index":"index","follow":"follow","max-snippet":"max-snippet:-1","max-image-preview":"max-image-preview:large","max-video-preview":"max-video-preview:-1"},"canonical":"https:\/\/budulov.kulturamoldava.sk\/hu\/o-kulturnom-dome\/","og_locale":"hu_HU","og_type":"article","og_title":"O kult\u00farnom dome - Kult\u00farny dom Budulov","og_url":"https:\/\/budulov.kulturamoldava.sk\/hu\/o-kulturnom-dome\/","og_site_name":"Kult\u00farny dom Budulov","article_modified_time":"2019-11-13T12:45:58+00:00","twitter_card":"summary_large_image","twitter_misc":{"Becs\u00fclt olvas\u00e1si id\u0151":"5 perc"},"schema":{"@context":"https:\/\/schema.org","@graph":[{"@type":"WebPage","@id":"https:\/\/budulov.kulturamoldava.sk\/o-kulturnom-dome\/","url":"https:\/\/budulov.kulturamoldava.sk\/o-kulturnom-dome\/","name":"O kult\u00farnom dome - Kult\u00farny dom Budulov","isPartOf":{"@id":"https:\/\/budulov.kulturamoldava.sk\/#website"},"datePublished":"2015-04-20T11:50:56+00:00","dateModified":"2019-11-13T12:45:58+00:00","breadcrumb":{"@id":"https:\/\/budulov.kulturamoldava.sk\/o-kulturnom-dome\/#breadcrumb"},"inLanguage":"hu","potentialAction":[{"@type":"ReadAction","target":["https:\/\/budulov.kulturamoldava.sk\/o-kulturnom-dome\/"]}]},{"@type":"BreadcrumbList","@id":"https:\/\/budulov.kulturamoldava.sk\/o-kulturnom-dome\/#breadcrumb","itemListElement":[{"@type":"ListItem","position":1,"name":"Home","item":"https:\/\/budulov.kulturamoldava.sk\/"},{"@type":"ListItem","position":2,"name":"O kult\u00farnom dome"}]},{"@type":"WebSite","@id":"https:\/\/budulov.kulturamoldava.sk\/#website","url":"https:\/\/budulov.kulturamoldava.sk\/","name":"Kult\u00farny dom Budulov","description":"","potentialAction":[{"@type":"SearchAction","target":{"@type":"EntryPoint","urlTemplate":"https:\/\/budulov.kulturamoldava.sk\/?s={search_term_string}"},"query-input":{"@type":"PropertyValueSpecification","valueRequired":true,"valueName":"search_term_string"}}],"inLanguage":"hu"}]}},"_links":{"self":[{"href":"https:\/\/budulov.kulturamoldava.sk\/hu\/wp-json\/wp\/v2\/pages\/529","targetHints":{"allow":["GET"]}}],"collection":[{"href":"https:\/\/budulov.kulturamoldava.sk\/hu\/wp-json\/wp\/v2\/pages"}],"about":[{"href":"https:\/\/budulov.kulturamoldava.sk\/hu\/wp-json\/wp\/v2\/types\/page"}],"author":[{"embeddable":true,"href":"https:\/\/budulov.kulturamoldava.sk\/hu\/wp-json\/wp\/v2\/users\/1"}],"replies":[{"embeddable":true,"href":"https:\/\/budulov.kulturamoldava.sk\/hu\/wp-json\/wp\/v2\/comments?post=529"}],"version-history":[{"count":18,"href":"https:\/\/budulov.kulturamoldava.sk\/hu\/wp-json\/wp\/v2\/pages\/529\/revisions"}],"predecessor-version":[{"id":14320,"href":"https:\/\/budulov.kulturamoldava.sk\/hu\/wp-json\/wp\/v2\/pages\/529\/revisions\/14320"}],"wp:attachment":[{"href":"https:\/\/budulov.kulturamoldava.sk\/hu\/wp-json\/wp\/v2\/media?parent=529"}],"curies":[{"name":"wp","href":"https:\/\/api.w.org\/{rel}","templated":true}]}}